{"id":12247,"date":"2021-02-22T16:39:36","date_gmt":"2021-02-22T15:39:36","guid":{"rendered":"https:\/\/www.v-gaertner.at\/WP\/gardening-tips\/blumige-aufmunterung-copy\/"},"modified":"2021-02-22T16:52:22","modified_gmt":"2021-02-22T15:52:22","slug":"kuchengarten","status":"publish","type":"gardening-tips","link":"https:\/\/www.v-gaertner.at\/WP\/gardening-tips\/kuchengarten\/","title":{"rendered":"K\u00fcchengarten"},"content":{"rendered":"<div class=\"wpb-content-wrapper\"><p>[vc_row][\/vc_row][vc_column][\/vc_column]\n\t\t\t<!-- START K\u00fcchengarten REVOLUTION SLIDER 6.7.37 --><p class=\"rs-p-wp-fix\"><\/p>\n\t\t\t<rs-module-wrap id=\"tip_21022021_wrapper\" data-source=\"gallery\" style=\"visibility:hidden;background:transparent;padding:0;margin:0px auto;margin-top:0;margin-bottom:0;\">\n\t\t\t\t<rs-module id=\"tip_21022021\" style=\"\" data-version=\"6.7.37\">\n\t\t\t\t\t<rs-slides style=\"overflow: hidden; position: absolute;\">\n\t\t\t\t\t\t<rs-slide style=\"position: absolute;\" data-key=\"rs-268\" data-title=\"Slide\" data-thumb=\"\/\/www.v-gaertner.at\/WP\/wp-content\/uploads\/2021\/02\/GT_21.02.2021_1-100x50.jpg\" data-anim=\"ms:600;r:0;\" data-in=\"o:0;\" data-out=\"a:false;\">\n\t\t\t\t\t\t\t<img decoding=\"async\" src=\"\/\/www.v-gaertner.at\/WP\/wp-content\/plugins\/revslider\/sr6\/assets\/assets\/dummy.png\" alt=\"\" title=\"GT_21.02.2021_1\" width=\"800\" height=\"600\" class=\"rev-slidebg tp-rs-img rs-lazyload\" data-lazyload=\"\/\/www.v-gaertner.at\/WP\/wp-content\/uploads\/2021\/02\/GT_21.02.2021_1.jpg\" data-no-retina>\n<!---->\t\t\t\t\t<\/rs-slide>\n\t\t\t\t\t\t<rs-slide style=\"position: absolute;\" data-key=\"rs-266\" data-title=\"Slide\" data-thumb=\"\/\/www.v-gaertner.at\/WP\/wp-content\/uploads\/2021\/02\/GT_21.02.2021_2-100x50.jpg\" data-duration=\"3000\" data-anim=\"ms:600;r:0;\" data-in=\"o:0;\" data-out=\"a:false;\">\n\t\t\t\t\t\t\t<img decoding=\"async\" src=\"\/\/www.v-gaertner.at\/WP\/wp-content\/plugins\/revslider\/sr6\/assets\/assets\/dummy.png\" alt=\"\" title=\"GT_21.02.2021_2\" width=\"800\" height=\"600\" class=\"rev-slidebg tp-rs-img rs-lazyload\" data-lazyload=\"\/\/www.v-gaertner.at\/WP\/wp-content\/uploads\/2021\/02\/GT_21.02.2021_2.jpg\" data-no-retina>\n<!---->\t\t\t\t\t<\/rs-slide>\n\t\t\t\t\t\t<rs-slide style=\"position: absolute;\" data-key=\"rs-267\" data-title=\"Slide\" data-thumb=\"\/\/www.v-gaertner.at\/WP\/wp-content\/uploads\/2021\/02\/GT_21.02.2021_5-100x50.jpg\" data-anim=\"ms:600;r:0;\" data-in=\"o:0;\" data-out=\"a:false;\">\n\t\t\t\t\t\t\t<img decoding=\"async\" src=\"\/\/www.v-gaertner.at\/WP\/wp-content\/plugins\/revslider\/sr6\/assets\/assets\/dummy.png\" alt=\"\" title=\"GT_21.02.2021_5\" width=\"800\" height=\"600\" class=\"rev-slidebg tp-rs-img rs-lazyload\" data-lazyload=\"\/\/www.v-gaertner.at\/WP\/wp-content\/uploads\/2021\/02\/GT_21.02.2021_5.jpg\" data-no-retina>\n<!---->\t\t\t\t\t<\/rs-slide>\n\t\t\t\t\t\t<rs-slide style=\"position: absolute;\" data-key=\"rs-269\" data-title=\"Slide\" data-thumb=\"\/\/www.v-gaertner.at\/WP\/wp-content\/uploads\/2021\/02\/GT_21.02.2021_4-100x50.jpg\" data-anim=\"ms:600;r:0;\" data-in=\"o:0;\" data-out=\"a:false;\">\n\t\t\t\t\t\t\t<img decoding=\"async\" src=\"\/\/www.v-gaertner.at\/WP\/wp-content\/plugins\/revslider\/sr6\/assets\/assets\/dummy.png\" alt=\"\" title=\"GT_21.02.2021_4\" width=\"800\" height=\"600\" class=\"rev-slidebg tp-rs-img rs-lazyload\" data-lazyload=\"\/\/www.v-gaertner.at\/WP\/wp-content\/uploads\/2021\/02\/GT_21.02.2021_4.jpg\" data-no-retina>\n<!---->\t\t\t\t\t<\/rs-slide>\n\t\t\t\t\t\t<rs-slide style=\"position: absolute;\" data-key=\"rs-270\" data-title=\"Slide\" data-thumb=\"\/\/www.v-gaertner.at\/WP\/wp-content\/uploads\/2021\/02\/GT_21.02.2021_3-100x50.jpg\" data-anim=\"ms:600;r:0;\" data-in=\"o:0;\" data-out=\"a:false;\">\n\t\t\t\t\t\t\t<img decoding=\"async\" src=\"\/\/www.v-gaertner.at\/WP\/wp-content\/plugins\/revslider\/sr6\/assets\/assets\/dummy.png\" alt=\"\" title=\"GT_21.02.2021_3\" width=\"800\" height=\"600\" class=\"rev-slidebg tp-rs-img rs-lazyload\" data-lazyload=\"\/\/www.v-gaertner.at\/WP\/wp-content\/uploads\/2021\/02\/GT_21.02.2021_3.jpg\" data-no-retina>\n<!---->\t\t\t\t\t<\/rs-slide>\n\t\t\t\t\t<\/rs-slides>\n\t\t\t\t\t<rs-static-layers><!--\n\t\t\t\t\t--><\/rs-static-layers>\n\t\t\t\t<\/rs-module>\n\t\t\t\t<script>\n\t\t\t\t\tsetREVStartSize({c: 'tip_21022021',rl:[1240,1024,778,480],el:[400],gw:[500],gh:[400],type:'standard',justify:'',layout:'fullwidth',mh:\"0\"});if (window.RS_MODULES!==undefined && window.RS_MODULES.modules!==undefined && window.RS_MODULES.modules[\"tip21022021\"]!==undefined) {window.RS_MODULES.modules[\"tip21022021\"].once = false;window.revapi43 = undefined;if (window.RS_MODULES.checkMinimal!==undefined) window.RS_MODULES.checkMinimal()}\n\t\t\t\t<\/script>\n\t\t\t<\/rs-module-wrap>\n\t\t\t<!-- END REVOLUTION SLIDER -->\n[vc_column_text]Die Gartensaison 2021 im K\u00fcchengarten beginnt. Bei den Vorarlberger G\u00e4rtner &amp; Floristen sind bereits die ersten Setzlinge f\u00fcr Fr\u00fchbeete oder Gew\u00e4chsh\u00e4user erh\u00e4ltlich. In wenigen Wochen startet die Freilandsaison.<\/p>\n<p>Wertvolle Tipps f\u00fcr den Gem\u00fcse- und Kr\u00e4uteranbau finden Sie im <strong><em>Beetgefl\u00fcster K\u00fcchengarten<\/em><\/strong> der Vorarlberger G\u00e4rtner &amp; Floristen. Darin werden \u00fcber 50 verschieden Gem\u00fcse- und Kr\u00e4uterarten vorgestellt.<\/p>\n<p>Die Brosch\u00fcre ist in den meisten Vorarlberger Gartenbaubetrieben zum Selbstkostenpreis erh\u00e4ltlich. Lassen Sie sich inspirieren.<\/p>\n<p><a href=\"https:\/\/www.gartenbau.or.at\/webpaper\/kuechengarten\/webpaper.html\">Hier geht es zur online Ansicht.<\/a>[\/vc_column_text][vc_column][\/vc_column][vc_column css=&#8220;. Vc_custom_1598896539857 {margin-top: 15px! Important ;}&#8220;][\/vc_column]<\/p>\n<\/div>","protected":false},"excerpt":{"rendered":"<p>[vc_row][\/vc_row][vc_column][\/vc_column][vc_column_text]Die Gartensaison 2021 im K\u00fcchengarten beginnt. Bei den Vorarlberger G\u00e4rtner &amp; Floristen sind bereits die ersten Setzlinge f\u00fcr Fr\u00fchbeete oder Gew\u00e4chsh\u00e4user erh\u00e4ltlich. In wenigen Wochen startet die Freilandsaison. Wertvolle Tipps f\u00fcr den Gem\u00fcse- und Kr\u00e4uteranbau finden Sie im Beetgefl\u00fcster K\u00fcchengarten der Vorarlberger G\u00e4rtner &amp; Floristen. Darin werden \u00fcber 50 verschieden Gem\u00fcse- und Kr\u00e4uterarten vorgestellt. Die [&hellip;]<\/p>\n","protected":false},"featured_media":12249,"template":"","class_list":["post-12247","gardening-tips","type-gardening-tips","status-publish","has-post-thumbnail","hentry"],"acf":[],"_links":{"self":[{"href":"https:\/\/www.v-gaertner.at\/WP\/wp-json\/wp\/v2\/gardening-tips\/12247","targetHints":{"allow":["GET"]}}],"collection":[{"href":"https:\/\/www.v-gaertner.at\/WP\/wp-json\/wp\/v2\/gardening-tips"}],"about":[{"href":"https:\/\/www.v-gaertner.at\/WP\/wp-json\/wp\/v2\/types\/gardening-tips"}],"wp:featuredmedia":[{"embeddable":true,"href":"https:\/\/www.v-gaertner.at\/WP\/wp-json\/wp\/v2\/media\/12249"}],"wp:attachment":[{"href":"https:\/\/www.v-gaertner.at\/WP\/wp-json\/wp\/v2\/media?parent=12247"}],"curies":[{"name":"wp","href":"https:\/\/api.w.org\/{rel}","templated":true}]}}