{"id":13766,"date":"2026-04-29T17:00:00","date_gmt":"2026-04-29T16:00:00","guid":{"rendered":"https:\/\/www.v-gaertner.at\/WP\/?post_type=gardening-tips&#038;p=13766"},"modified":"2026-04-29T14:23:06","modified_gmt":"2026-04-29T13:23:06","slug":"extensive-dachbegrnung","status":"publish","type":"gardening-tips","link":"https:\/\/www.v-gaertner.at\/WP\/gardening-tips\/extensive-dachbegrnung\/","title":{"rendered":"Extensive Dachbegr\u00fcnung"},"content":{"rendered":"<div class=\"wpb-content-wrapper\"><p>[vc_column][\/vc_column][vc_row][vc_column]\n\t\t\t<!-- START Extensive Dachbegr\u00fcnung REVOLUTION SLIDER 6.7.37 --><p class=\"rs-p-wp-fix\"><\/p>\n\t\t\t<rs-module-wrap id=\"rev_slider_185_1_wrapper\" class=\"gt-slider\" data-source=\"gallery\" style=\"visibility:hidden;background:transparent;padding:0;margin:0px auto;margin-top:0;margin-bottom:0;\">\n\t\t\t\t<rs-module id=\"rev_slider_185_1\" style=\"\" data-version=\"6.7.37\">\n\t\t\t\t\t<rs-slides style=\"overflow: hidden; position: absolute;\">\n\t\t\t\t\t\t<rs-slide style=\"position: absolute;\" data-key=\"rs-1217\" data-title=\"Slide\" data-anim=\"ms:600;\" data-in=\"o:0;\" data-out=\"a:false;\">\n\t\t\t\t\t\t\t<img decoding=\"async\" src=\"\/\/www.v-gaertner.at\/WP\/wp-content\/plugins\/revslider\/sr6\/assets\/assets\/dummy.png\" alt=\"\" title=\"GT_29.04.2026_3\" width=\"2560\" height=\"1920\" class=\"rev-slidebg tp-rs-img rs-lazyload\" data-lazyload=\"\/\/www.v-gaertner.at\/WP\/wp-content\/uploads\/2026\/04\/Dachgarten-Tiefgarageneinfahrt-Lena-u.-Marco-4-scaled.jpg\" data-no-retina>\n<!---->\t\t\t\t\t<\/rs-slide>\n\t\t\t\t\t\t<rs-slide style=\"position: absolute;\" data-key=\"rs-1218\" data-title=\"Slide\" data-anim=\"ms:600;\" data-in=\"o:0;\" data-out=\"a:false;\">\n\t\t\t\t\t\t\t<img decoding=\"async\" src=\"\/\/www.v-gaertner.at\/WP\/wp-content\/plugins\/revslider\/sr6\/assets\/assets\/dummy.png\" alt=\"\" title=\"GT_29.04.2026_2\" width=\"2560\" height=\"2048\" class=\"rev-slidebg tp-rs-img rs-lazyload\" data-lazyload=\"\/\/www.v-gaertner.at\/WP\/wp-content\/uploads\/2026\/04\/Dachgarten-Lena-u.-Marco-3-2-scaled.jpg\" data-no-retina>\n<!---->\t\t\t\t\t<\/rs-slide>\n\t\t\t\t\t\t<rs-slide style=\"position: absolute;\" data-key=\"rs-1219\" data-title=\"Slide\" data-anim=\"ms:600;\" data-in=\"o:0;\" data-out=\"a:false;\">\n\t\t\t\t\t\t\t<img decoding=\"async\" src=\"\/\/www.v-gaertner.at\/WP\/wp-content\/plugins\/revslider\/sr6\/assets\/assets\/dummy.png\" alt=\"\" title=\"GT_29.04.2026_5\" width=\"1080\" height=\"1080\" class=\"rev-slidebg tp-rs-img rs-lazyload\" data-lazyload=\"\/\/www.v-gaertner.at\/WP\/wp-content\/uploads\/2026\/04\/Dachbegruenung-Elisa-2.jpg\" data-no-retina>\n<!---->\t\t\t\t\t<\/rs-slide>\n\t\t\t\t\t<\/rs-slides>\n\t\t\t\t\t<rs-static-layers><!--\n\t\t\t\t\t--><\/rs-static-layers>\n\t\t\t\t<\/rs-module>\n\t\t\t\t<script>\n\t\t\t\t\tsetREVStartSize({c: 'rev_slider_185_1',rl:[1240,1240,1240,480],el:[400,400,400,720],gw:[500,500,500,450],gh:[400,400,400,380],type:'standard',justify:'',layout:'fullwidth',mh:\"0\"});if (window.RS_MODULES!==undefined && window.RS_MODULES.modules!==undefined && window.RS_MODULES.modules[\"revslider1851\"]!==undefined) {window.RS_MODULES.modules[\"revslider1851\"].once = false;window.revapi185 = undefined;if (window.RS_MODULES.checkMinimal!==undefined) window.RS_MODULES.checkMinimal()}\n\t\t\t\t<\/script>\n\t\t\t<\/rs-module-wrap>\n\t\t\t<!-- END REVOLUTION SLIDER -->\n[vc_column_text css=&#8220;&#8220;]<strong>Extensive Dachbegr\u00fcnung<\/strong><\/p>\n<p>Die extensive Dachbegr\u00fcnung ist eine einfache und pflegeleichte M\u00f6glichkeit, D\u00e4cher \u00f6kologisch aufzuwerten. Sie besteht meist aus robusten Pflanzen wie Sedum, Moosen und Kr\u00e4utern, die mit wenig Erde und Wasser auskommen. Dadurch eignet sie sich besonders gut f\u00fcr Garagen, Carports oder Hausd\u00e4cher mit geringer Traglast.<\/p>\n<p>Der Aufbau einer extensiven Begr\u00fcnung ist d\u00fcnn und umfasst in der Regel nur etwa 6 bis 15 Zentimeter Substrat. Das macht sie statisch weniger anspruchsvoll und auch f\u00fcr Einsteiger gut umsetzbar.<\/p>\n<p>Ein begr\u00fcntes Dach bietet zahlreiche Vorteile: Es sch\u00fctzt die Dachabdichtung vor UV-Strahlung und Temperaturschwankungen und verl\u00e4ngert so deren Lebensdauer. Gleichzeitig wirkt es als nat\u00fcrliche D\u00e4mmung \u2013 im Sommer bleibt das Geb\u00e4ude k\u00fchler, im Winter geht weniger W\u00e4rme verloren. Dar\u00fcber hinaus speichert die Begr\u00fcnung Regenwasser und entlastet damit die Kanalisation.<\/p>\n<p>Wichtig ist jedoch, dass das Dach eine ausreichende Neigung und \u00fcber eine geeignete, wurzelfeste Abdichtung verf\u00fcgt. Au\u00dferdem sollte eine funktionierende Drainageschicht vorhanden sein, damit \u00fcbersch\u00fcssiges Wasser abflie\u00dfen kann. Auch die Tragf\u00e4higkeit sollte vor der Anlage gepr\u00fcft werden.<\/p>\n<p>Der Pflegeaufwand ist gering, aber nicht gleich null. Ein- bis zweimal im Jahr empfiehlt es sich, unerw\u00fcnschten Bewuchs zu entfernen und die Fl\u00e4che zu kontrollieren. In l\u00e4ngeren Trockenperioden kann zus\u00e4tzliches Gie\u00dfen sinnvoll sein, insbesondere im ersten Jahr nach der Anlage.<\/p>\n<p>Als idealer Zeitpunkt f\u00fcr die Umsetzung gelten Fr\u00fchjahr und Herbst, da die Pflanzen unter moderaten Temperaturen gut anwachsen k\u00f6nnen.<\/p>\n<p>Neben den praktischen Vorteilen leistet eine extensive Dachbegr\u00fcnung auch einen wichtigen Beitrag zum Klimaschutz und zur Biodiversit\u00e4t, indem sie Lebensraum f\u00fcr Insekten schafft \u2013 besonders in dicht bebauten Gebieten.<\/p>\n<div style=\"color: #69af07; font-weight: bold;\">\u00a0 \u00a0 \u00a0 \u00a0 \u00a0 \u00a0 \u00a0 \u00a0 \u00a0 \u00a0 \u00a0 \u00a0 \u00a0 \u00a0 \u00a0 \u00a0 \u00a0 \u00a0 \u00a0 \u00a0 \u00a0 \u00a0 \u00a0 \u00a0 \u00a0 \u00a0 \u00a0 \u00a0 \u00a0 \u00a0 \u00a0 \u00a0 \u00a0 \u00a0 \u00a0 \u00a0 \u00a0 \u00a0 \u00a0 \u00a0 \u00a0 \u00a0 \u00a0 \u00a0 \u00a0 \u00a0 \u00a0 \u00a0 \u00a0 \u00a0 \u00a0 \u00a0Ihre Vorarlberger G\u00e4rtner &amp; Floristen &#8211; da bl\u00fcht Ihnen was!<\/div>\n<p>[\/vc_column_text][\/vc_column][\/vc_row]<\/p>\n<\/div>","protected":false},"excerpt":{"rendered":"<p>[vc_column][\/vc_column][vc_row][vc_column][vc_column_text css=&#8220;&#8220;]Extensive Dachbegr\u00fcnung Die extensive Dachbegr\u00fcnung ist eine einfache und pflegeleichte M\u00f6glichkeit, D\u00e4cher \u00f6kologisch aufzuwerten. Sie besteht meist aus robusten Pflanzen wie Sedum, Moosen und Kr\u00e4utern, die mit wenig Erde und Wasser auskommen. Dadurch eignet sie sich besonders gut f\u00fcr Garagen, Carports oder Hausd\u00e4cher mit geringer Traglast. Der Aufbau einer extensiven Begr\u00fcnung ist d\u00fcnn und [&hellip;]<\/p>\n","protected":false},"featured_media":13765,"template":"","class_list":["post-13766","gardening-tips","type-gardening-tips","status-publish","has-post-thumbnail","hentry"],"acf":[],"_links":{"self":[{"href":"https:\/\/www.v-gaertner.at\/WP\/wp-json\/wp\/v2\/gardening-tips\/13766","targetHints":{"allow":["GET"]}}],"collection":[{"href":"https:\/\/www.v-gaertner.at\/WP\/wp-json\/wp\/v2\/gardening-tips"}],"about":[{"href":"https:\/\/www.v-gaertner.at\/WP\/wp-json\/wp\/v2\/types\/gardening-tips"}],"wp:featuredmedia":[{"embeddable":true,"href":"https:\/\/www.v-gaertner.at\/WP\/wp-json\/wp\/v2\/media\/13765"}],"wp:attachment":[{"href":"https:\/\/www.v-gaertner.at\/WP\/wp-json\/wp\/v2\/media?parent=13766"}],"curies":[{"name":"wp","href":"https:\/\/api.w.org\/{rel}","templated":true}]}}